{"id":57076,"date":"2021-12-14T16:46:43","date_gmt":"2021-12-14T19:46:43","guid":{"rendered":"https:\/\/publicacoes.estadao.com.br\/empresasmais\/?page_id=57076"},"modified":"2021-12-14T17:20:41","modified_gmt":"2021-12-14T20:20:41","slug":"ranking-governanca-corporativa","status":"publish","type":"page","link":"https:\/\/publicacoes.estadao.com.br\/empresasmais2022\/ranking-governanca-corporativa\/","title":{"rendered":"Ranking Governan\u00e7a Corporativa"},"content":{"rendered":"\n<p>A pandemia do novo coronav\u00edrus colocou \u00e0 prova a governan\u00e7a das empresas em todo o planeta, especialmente aspectos da transpar\u00eancia e do engajamento no campo da responsabilidade social. Os grupos que aparecem com destaque no ranking de Governan\u00e7a Corporativa do Estad\u00e3o Empresas Mais mostraram ser poss\u00edvel transformar boas ideias em a\u00e7\u00f5es concretas mesmo em \u00e9pocas de crise.<\/p>\n","protected":false},"excerpt":{"rendered":"<p>A pandemia do novo coronav\u00edrus colocou \u00e0 prova a governan\u00e7a das empresas em todo o planeta, especialmente aspectos da transpar\u00eancia e do engajamento no campo da responsabilidade social. Os grupos que aparecem com destaque no ranking de Governan\u00e7a Corporativa do Estad\u00e3o Empresas Mais mostraram ser poss\u00edvel transformar boas ideias em a\u00e7\u00f5es concretas mesmo em \u00e9pocas [&hellip;]<\/p>\n","protected":false},"author":2,"featured_media":0,"parent":0,"menu_order":0,"comment_status":"closed","ping_status":"closed","template":"","meta":{"_acf_changed":false,"footnotes":""},"class_list":["post-57076","page","type-page","status-publish","hentry"],"acf":[],"_links":{"self":[{"href":"https:\/\/publicacoes.estadao.com.br\/empresasmais2022\/wp-json\/wp\/v2\/pages\/57076","targetHints":{"allow":["GET"]}}],"collection":[{"href":"https:\/\/publicacoes.estadao.com.br\/empresasmais2022\/wp-json\/wp\/v2\/pages"}],"about":[{"href":"https:\/\/publicacoes.estadao.com.br\/empresasmais2022\/wp-json\/wp\/v2\/types\/page"}],"author":[{"embeddable":true,"href":"https:\/\/publicacoes.estadao.com.br\/empresasmais2022\/wp-json\/wp\/v2\/users\/2"}],"replies":[{"embeddable":true,"href":"https:\/\/publicacoes.estadao.com.br\/empresasmais2022\/wp-json\/wp\/v2\/comments?post=57076"}],"version-history":[{"count":3,"href":"https:\/\/publicacoes.estadao.com.br\/empresasmais2022\/wp-json\/wp\/v2\/pages\/57076\/revisions"}],"predecessor-version":[{"id":57198,"href":"https:\/\/publicacoes.estadao.com.br\/empresasmais2022\/wp-json\/wp\/v2\/pages\/57076\/revisions\/57198"}],"wp:attachment":[{"href":"https:\/\/publicacoes.estadao.com.br\/empresasmais2022\/wp-json\/wp\/v2\/media?parent=57076"}],"curies":[{"name":"wp","href":"https:\/\/api.w.org\/{rel}","templated":true}]}}